{"id":6475,"date":"2018-10-15T13:08:42","date_gmt":"2018-10-15T11:08:42","guid":{"rendered":"http:\/\/www.professionalhair.hu\/?page_id=3"},"modified":"2022-06-14T17:46:25","modified_gmt":"2022-06-14T15:46:25","slug":"adatvedelmi-szabalyzat","status":"publish","type":"page","link":"https:\/\/professionalhair.hu\/en\/adatvedelmi-szabalyzat\/","title":{"rendered":"Adatv\u00e9delmi szab\u00e1lyzat"},"content":{"rendered":"<div data-elementor-type=\"wp-post\" data-elementor-id=\"6475\" class=\"elementor elementor-6475\" data-elementor-post-type=\"page\">\n\t\t\t\t\t\t<section class=\"elementor-section elementor-top-section elementor-element elementor-element-cba107e elementor-section-boxed elementor-section-height-default elementor-section-height-default\" data-id=\"cba107e\" data-element_type=\"section\" data-settings=\"{&quot;_ha_eqh_enable&quot;:false}\">\n\t\t\t\t\t\t<div class=\"elementor-container elementor-column-gap-no\">\n\t\t\t\t\t<div class=\"elementor-column elementor-col-100 elementor-top-column elementor-element elementor-element-4bb9c6e2\" data-id=\"4bb9c6e2\" data-element_type=\"column\">\n\t\t\t<div class=\"elementor-widget-wrap elementor-element-populated\">\n\t\t\t\t\t\t<div class=\"elementor-element elementor-element-636a50bb elementor-widget elementor-widget-text-editor\" data-id=\"636a50bb\" data-element_type=\"widget\" data-widget_type=\"text-editor.default\">\n\t\t\t\t<div class=\"elementor-widget-container\">\n\t\t\t\t\t\t\t<ol><li><strong>Bevezet\u00e9s<\/strong><\/li><\/ol><p>The\u00a0<strong>Professional Healthy &amp; Beauty Systems Korl\u00e1tolt Felel\u0151ss\u00e9g\u0171 T\u00e1rsas\u00e1g<\/strong>\u00a0(sz\u00e9khely: 1012 Budapest, Lovas utca 10.; c\u00e9gjegyz\u00e9k sz\u00e1m: 01-09-732074; ad\u00f3sz\u00e1m: 13376093-2-41; tov\u00e1bbiakban: \u201eSzolg\u00e1ltat\u00f3) a szem\u00e9lyes adatok v\u00e9delm\u00e9r\u0151l sz\u00f3l\u00f3 jogszab\u00e1lyi rendelkez\u00e9seknek val\u00f3 megfelel\u00e9s \u00e9rdek\u00e9ben, a jelen adatv\u00e9delmi szab\u00e1lyzatot (tov\u00e1bbiakban: \u201eSzab\u00e1lyzat\u201d) alkotja, amely a kliens (tov\u00e1bbiakban: \u201eKliens\u201d), \u00e1ltal ig\u00e9nybe vett szolg\u00e1ltat\u00e1s (tov\u00e1bbiakban: \u201eSzolg\u00e1ltat\u00e1s\u201d) ny\u00fajt\u00e1s\u00e1t teszi lehet\u0151v\u00e9.<\/p><ol start=\"2\"><li><strong>A Szab\u00e1lyzat c\u00e9lja \u00e9s vonatkoz\u00f3 jogszab\u00e1lyok<\/strong><\/li><\/ol><p>A Szab\u00e1lyzat c\u00e9lja, hogy meghat\u00e1rozza a Kliens \u00e9s az Adatkezel\u0151 \u00e1ltal kezelt szem\u00e9lyes adatainak k\u00f6r\u00e9t, az adatkezel\u00e9s m\u00f3dj\u00e1t, s megakad\u00e1lyozza a Kliensek adataihoz val\u00f3 jogosulatlan hozz\u00e1f\u00e9r\u00e9st, az adatok megv\u00e1ltoztat\u00e1s\u00e1t \u00e9s jogosulatlan nyilv\u00e1noss\u00e1gra hozatal\u00e1t, vagy felhaszn\u00e1l\u00e1s\u00e1t, illetve a szab\u00e1lyzat rendelkez\u00e9st tartalmaz az eg\u00e9szs\u00e9g\u00fcgyi adatnak\/betegadatoknak a statisztikai c\u00e9l\u00fa felhaszn\u00e1l\u00e1s\u00e1r\u00f3l, a sz\u00fcks\u00e9ges felismerhetetlenn\u00e9 t\u00e9tel\u00e9t k\u00f6vet\u0151en (anonimiz\u00e1l\u00e1s).<\/p><ol start=\"3\"><li><strong>Fogalmak<\/strong><\/li><\/ol><p><strong>Adatfeldolgoz\u00e1s<\/strong>: az adatkezel\u00e9si m\u0171veletekhez kapcsol\u00f3d\u00f3 technikai feladatok elv\u00e9gz\u00e9se, f\u00fcggetlen\u00fcl a m\u0171veletek v\u00e9grehajt\u00e1s\u00e1hoz alkalmazott m\u00f3dszert\u0151l \u00e9s eszk\u00f6zt\u0151l, valamint az alkalmaz\u00e1s hely\u00e9t\u0151l;, felt\u00e9ve hogy a technikai feladatot az adatokon v\u00e9gzik;<\/p><p><strong>Adatfeldolgoz\u00f3<\/strong>: Az a term\u00e9szetes vagy jogi szem\u00e9ly, illetve jogi szem\u00e9lyis\u00e9ggel nem rendelkez\u0151 szervezet, aki vagy amely az adatkezel\u0151 megb\u00edz\u00e1s\u00e1b\u00f3l, szerz\u0151d\u00e9s alapj\u00e1n a szem\u00e9lyes adatok feldolgoz\u00e1s\u00e1t v\u00e9gzi.<\/p><p><strong>Adatkezel\u00e9s jogalapja<\/strong>: Az inform\u00e1ci\u00f3s \u00f6nrendelkez\u00e9si jogr\u00f3l \u00e9s az inform\u00e1ci\u00f3szabads\u00e1gr\u00f3l sz\u00f3l\u00f3 2011. \u00e9vi CXII. t\u00f6rv\u00e9ny 3. \u00a7 7. pontja alapj\u00e1n az \u00e9rintett \u00f6nk\u00e9ntes hozz\u00e1j\u00e1rul\u00e1sa, amely megfelel\u0151 t\u00e1j\u00e9koztat\u00e1son alapul, \u00e9s amellyel f\u00e9lre\u00e9rthetetlen beleegyez\u00e9s\u00e9t adja a r\u00e1 vonatkoz\u00f3 szem\u00e9lyes adatok \u2013 teljes k\u00f6r\u0171 vagy egyes m\u0171veletekre kiterjed\u0151 \u2013 kezel\u00e9s\u00e9hez.<\/p><p><strong>Adatkezel\u00e9s<\/strong>: az alkalmazott elj\u00e1r\u00e1st\u00f3l f\u00fcggetlen\u00fcl a szem\u00e9lyes adatokon v\u00e9gzett b\u00e1rmely m\u0171velet vagy a m\u0171veletek \u00f6sszess\u00e9ge, \u00edgy k\u00fcl\u00f6n\u00f6sen gy\u0171jt\u00e9se, felv\u00e9tele, r\u00f6gz\u00edt\u00e9se, rendszerez\u00e9se, t\u00e1rol\u00e1sa, megv\u00e1ltoztat\u00e1sa, felhaszn\u00e1l\u00e1sa, lek\u00e9rdez\u00e9se, tov\u00e1bb\u00edt\u00e1sa, nyilv\u00e1noss\u00e1gra hozatala, \u00f6sszehangol\u00e1sa vagy \u00f6sszekapcsol\u00e1sa, z\u00e1rol\u00e1sa, t\u00f6rl\u00e9se \u00e9s megsemmis\u00edt\u00e9se, valamint az adatok tov\u00e1bbi felhaszn\u00e1l\u00e1s\u00e1nak megakad\u00e1lyoz\u00e1sa. Adatkezel\u00e9snek sz\u00e1m\u00edt a f\u00e9nyk\u00e9p-, hang- vagy k\u00e9pfelv\u00e9tel k\u00e9sz\u00edt\u00e9se, valamint a szem\u00e9ly azonos\u00edt\u00e1s\u00e1ra alkalmas fizikai jellemz\u0151k r\u00f6gz\u00edt\u00e9se is;<\/p><p><strong>Adatkezel\u0151<\/strong>: az a term\u00e9szetes vagy jogi szem\u00e9ly, illetve jogi szem\u00e9lyis\u00e9ggel nem rendelkez\u0151 szervezet, aki vagy amely \u00f6n\u00e1ll\u00f3an vagy m\u00e1sokkal egy\u00fctt a szem\u00e9lyes adatok kezel\u00e9s\u00e9nek c\u00e9lj\u00e1t meghat\u00e1rozza, az adatkezel\u00e9sre (bele\u00e9rtve a felhaszn\u00e1lt eszk\u00f6zt) vonatkoz\u00f3 d\u00f6nt\u00e9seket meghozza \u00e9s v\u00e9grehajtja, vagy az \u00e1ltala megb\u00edzott adatfeldolgoz\u00f3val v\u00e9grehajtatja;<\/p><p><strong>Adattov\u00e1bb\u00edt\u00e1s<\/strong>: ha az adatot meghat\u00e1rozott harmadik szem\u00e9ly sz\u00e1m\u00e1ra hozz\u00e1f\u00e9rhet\u0151v\u00e9 teszik;<\/p><p><strong>Adatt\u00f6rl\u00e9s<\/strong>: Az adatok felismerhetetlenn\u00e9 t\u00e9tele oly m\u00f3don, hogy a helyre\u00e1ll\u00edt\u00e1suk t\u00f6bb\u00e9 nem lehets\u00e9ges.<\/p><p><strong>Beavatkoz\u00e1s<\/strong>: a Szolg\u00e1ltat\u00f3 \u00e1ltal ny\u00fajtott \u00e9s a Kliens \u00e1ltal ig\u00e9nybe vett szolg\u00e1ltat\u00e1s<\/p><p><strong>Eg\u00e9szs\u00e9g\u00fcgyi adat<\/strong>: az \u00e9rintett testi, \u00e9rtelmi \u00e9s lelki \u00e1llapot\u00e1ra, k\u00f3ros szenved\u00e9ly\u00e9re, valamint a megbeteged\u00e9s, illetve az elhal\u00e1loz\u00e1s k\u00f6r\u00fclm\u00e9nyeire, a hal\u00e1l ok\u00e1ra vonatkoz\u00f3, \u00e1ltala vagy r\u00f3la m\u00e1s szem\u00e9ly \u00e1ltal k\u00f6z\u00f6lt, illetve az eg\u00e9szs\u00e9g\u00fcgyi ell\u00e1t\u00f3 h\u00e1l\u00f3zat \u00e1ltal \u00e9szlelt, vizsg\u00e1lt, m\u00e9rt, lek\u00e9pzett vagy sz\u00e1rmaztatott adat; tov\u00e1bb\u00e1 az el\u0151z\u0151ekkel kapcsolatba hozhat\u00f3, az azokat befoly\u00e1sol\u00f3 mindennem\u0171 adat (pl. magatart\u00e1s, k\u00f6rnyezet, foglalkoz\u00e1s)<\/p><p><strong>Eg\u00e9szs\u00e9g\u00fcgyi szem\u00e9lyazonos\u00edt\u00f3 adatkezel\u00e9s c\u00e9lja \u00e9s jogalapja<\/strong>: az eg\u00e9szs\u00e9g meg\u0151rz\u00e9s\u00e9nek, jav\u00edt\u00e1s\u00e1nak, fenntart\u00e1s\u00e1nak el\u0151mozd\u00edt\u00e1sa, valamint a programban r\u00e9sztvev\u0151 Kliens (\u00e9rintett) eg\u00e9szs\u00e9gi \u00e1llapot\u00e1nak nyomon k\u00f6vet\u00e9se.<\/p><p><strong>Felismerhetetlenn\u00e9 t\u00e9tel:\u00a0<\/strong>adatok felismerhetetlenn\u00e9 t\u00e9tele oly m\u00f3don, hogy a helyre\u00e1ll\u00edt\u00e1suk t\u00f6bb\u00e9 nem lehets\u00e9ges.<\/p><p><strong>G\u00e9pi feldolgoz\u00e1s<\/strong>: A k\u00f6vetkez\u0151 m\u0171veleteket tartalmazza, ha azokat r\u00e9szben vagy eg\u00e9szben automatiz\u00e1lt eszk\u00f6z\u00f6kkel hajtj\u00e1k v\u00e9gre: az adatok t\u00e1rol\u00e1sa, az adatokkal v\u00e9gzett logikai vagy aritmetikai m\u0171veletek, az adatok megv\u00e1ltoztat\u00e1sa, t\u00f6rl\u00e9se, visszakeres\u00e9se \u00e9s terjeszt\u00e9se.<\/p><p><strong>Kliens<\/strong>: Azon szem\u00e9ly, vagy szem\u00e9lyek \u00f6sszess\u00e9ge, akik a Szolg\u00e1ltat\u00f3 szolg\u00e1ltat\u00e1s\u00e1t ig\u00e9nybe veszi<\/p><p><strong>Nyilv\u00e1noss\u00e1gra hozatal<\/strong>: ha az adatot b\u00e1rki sz\u00e1m\u00e1ra hozz\u00e1f\u00e9rhet\u0151v\u00e9 teszik.<\/p><p><strong>Orvosi titok<\/strong>: a gy\u00f3gykezel\u00e9s sor\u00e1n az adatkezel\u0151 tudom\u00e1s\u00e1ra jutott eg\u00e9szs\u00e9g\u00fcgyi \u00e9s szem\u00e9lyazonos\u00edt\u00f3 adat, tov\u00e1bb\u00e1 a sz\u00fcks\u00e9ges vagy folyamatban l\u00e9v\u0151, illetve befejezett gy\u00f3gykezel\u00e9sre vonatkoz\u00f3, valamint a gy\u00f3gykezel\u00e9ssel kapcsolatban megismert egy\u00e9b adat;<\/p><p><strong>Statisztikai c\u00e9l\u00fa felhaszn\u00e1l\u00e1s:\u00a0<\/strong>a Szolg\u00e1ltat\u00f3 a Kliens adatainak anonimiz\u00e1l\u00e1s\u00e1t k\u00f6vet\u0151en saj\u00e1t tanulm\u00e1nyaihoz, statisztikai kimutat\u00e1saihoz t\u00f6rt\u00e9n\u0151 felhaszn\u00e1l\u00e1sa, figyelemmel k\u00eds\u00e9r\u00e9se<\/p><p><strong>Szem\u00e9lyazonos\u00edt\u00f3 adat<\/strong>: szem\u00e9lyazonos\u00edt\u00f3 adat: a csal\u00e1di \u00e9s ut\u00f3n\u00e9v, le\u00e1nykori n\u00e9v, a nem, a sz\u00fclet\u00e9si hely \u00e9s id\u0151, az anya le\u00e1nykori csal\u00e1di \u00e9s ut\u00f3neve, a lak\u00f3hely, egy\u00fcttesen vagy ezek k\u00f6z\u00fcl b\u00e1rmelyik, amennyiben alkalmas vagy alkalmas lehet az \u00e9rintett azonos\u00edt\u00e1s\u00e1ra.<\/p><p><strong>Szem\u00e9lyes adat<\/strong>: az \u00e9rintettel kapcsolatba hozhat\u00f3 adat \u2013 k\u00fcl\u00f6n\u00f6sen az \u00e9rintett neve, azonos\u00edt\u00f3 jele, valamint egy vagy t\u00f6bb fizikai, fiziol\u00f3giai, ment\u00e1lis, gazdas\u00e1gi, kultur\u00e1lis vagy szoci\u00e1lis azonoss\u00e1g\u00e1ra jellemz\u0151 ismeret -, valamint az adatb\u00f3l levonhat\u00f3, az \u00e9rintettre vonatkoz\u00f3 k\u00f6vetkeztet\u00e9s. A szem\u00e9lyes adat az adatkezel\u00e9s sor\u00e1n mindaddig meg\u0151rzi e min\u0151s\u00e9g\u00e9t, am\u00edg kapcsolata az \u00e9rintettel helyre\u00e1ll\u00edthat\u00f3. Az \u00e9rintettel akkor helyre\u00e1ll\u00edthat\u00f3 a kapcsolt, ha az adatkezel\u0151 rendelkezik azokkal a technikai felt\u00e9telekkel, amelyek a helyre\u00e1ll\u00edt\u00e1shoz sz\u00fcks\u00e9gesek;<\/p><ol start=\"4\"><li><strong>A Szolg\u00e1ltat\u00f3 \u00e1ltal kezelt adatok k\u00f6re, adatkezel\u00e9si c\u00e9lok<\/strong><\/li><\/ol><p><strong>4.1. Adatkezel\u00e9si c\u00e9lok<\/strong><\/p><p>Az Adatkezel\u0151vel k\u00f6t\u00f6tt vagy k\u00f6tend\u0151 szerz\u0151d\u00e9sek el\u0151k\u00e9sz\u00edt\u00e9se, megk\u00f6t\u00e9se, v\u00e9grehajt\u00e1sa, Adatkezel\u0151 jogi k\u00f6telezetts\u00e9geinek teljes\u00edt\u00e9se, jogos \u00e9rdekeinek \u00e9rv\u00e9nyes\u00edt\u00e9se, vissza\u00e9l\u00e9sek megel\u0151z\u00e9se, kivizsg\u00e1l\u00e1sa, felt\u00e1r\u00e1sa.<\/p><p>Szem\u00e9lyes adatot a Szolg\u00e1ltat\u00f3 az \u00e9rintett hozz\u00e1j\u00e1rul\u00e1sa eset\u00e9n a hat\u00e1lyos rekl\u00e1mt\u00f6rv\u00e9ny rendelkez\u00e9sei szerint k\u00e9s\u0151bbi rekl\u00e1m \u00e9s\/vagy prom\u00f3ci\u00f3 c\u00e9lj\u00e1ra, valamint piackutat\u00e1si, statisztikai adatgy\u0171jt\u00e9si c\u00e9lokra felhaszn\u00e1lhatja.<\/p><p>Az eg\u00e9szs\u00e9g\u00fcgyi \u00e9s szem\u00e9lyazonos\u00edt\u00f3 adatok a k\u00f6vetkez\u0151 c\u00e9lok el\u00e9r\u00e9se \u00e9rdek\u00e9ben kezelhet\u0151ek: a) az eg\u00e9szs\u00e9g meg\u0151rz\u00e9s\u00e9nek, jav\u00edt\u00e1s\u00e1nak, fenntart\u00e1s\u00e1nak el\u0151mozd\u00edt\u00e1sa, b) a szolg\u00e1ltat\u00f3 eredm\u00e9nyes gy\u00f3gykezel\u00e9si tev\u00e9kenys\u00e9g\u00e9nek el\u0151seg\u00edt\u00e9se, c) a betegjogok \u00e9rv\u00e9nyes\u00edt\u00e9se.<\/p><p>Ezen c\u00e9lokb\u00f3l is csak olyan adat kezelhet\u0151, amely az adatkezel\u00e9s c\u00e9lj\u00e1nak megval\u00f3sul\u00e1s\u00e1hoz elengedhetetlen \u00e9s a c\u00e9l el\u00e9r\u00e9s\u00e9re alkalmas. A szem\u00e9lyes adatok, illetve a k\u00fcl\u00f6nleges adatok kiz\u00e1r\u00f3lag a c\u00e9l megval\u00f3sul\u00e1s\u00e1hoz sz\u00fcks\u00e9ges m\u00e9rt\u00e9kben \u00e9s ideig kezelhet\u0151ek, tov\u00e1bb\u00e1 az adatkezel\u00e9snek minden szakasz\u00e1ban meg kell felelnie az ebben a bekezd\u00e9sben meghat\u00e1rozott c\u00e9loknak.<\/p><p>Az adatkezel\u0151 az \u00e1ltala kezelt adatokat szem\u00e9lyazonos\u00edt\u00e1sra alkalmatlan m\u00f3don, statisztikai c\u00e9lra felhaszn\u00e1lhatja, \u00e9s azokb\u00f3l statisztikai c\u00e9lra, szem\u00e9lyazonos\u00edt\u00e1sra alkalmatlan m\u00f3don, felismerhetetlenn\u00e9 t\u00e9tel \u00fatj\u00e1n adatot szolg\u00e1ltathat.<\/p><p><strong>4.2. Marketing c\u00e9l\u00fa adatkezel\u00e9s \u00e9s h\u00edrlev\u00e9l<\/strong><\/p><p>The\u00a0<strong>marketing adatkezel\u00e9s c\u00e9lja<\/strong>: a Kliensek azonos\u00edt\u00e1sa \u00e9s egym\u00e1st\u00f3l val\u00f3 megk\u00fcl\u00f6nb\u00f6ztet\u00e9se, kapcsolatfelv\u00e9tel, a Kliensek szem\u00e9lyre szabottabb kiszolg\u00e1l\u00e1sa, egyes szolg\u00e1ltat\u00e1sok haszn\u00e1lat\u00e1hoz val\u00f3 jogosults\u00e1g, Kliensi statisztik\u00e1k k\u00e9sz\u00edt\u00e9se, sz\u00e1mviteli k\u00f6telezetts\u00e9g teljes\u00edt\u00e9se, h\u00edrlev\u00e9l k\u00fcld\u00e9se.<\/p><p>Az adatkezel\u00e9s jogalapja: az \u00e9rintett \u00f6nk\u00e9ntes hozz\u00e1j\u00e1rul\u00e1sa, valamint az inform\u00e1ci\u00f3s t\u00e1rsadalommal \u00f6sszef\u00fcgg\u0151 szolg\u00e1ltat\u00e1sok egyes k\u00e9rd\u00e9seir\u0151l sz\u00f3l\u00f3 2001. \u00e9vi CVIII. t\u00f6rv\u00e9ny 13\/A. \u00a7-a \u00e9s a gazdas\u00e1gi rekl\u00e1mtev\u00e9kenys\u00e9g alapvet\u0151 felt\u00e9teleir\u0151l \u00e9s egyes korl\u00e1tair\u00f3l sz\u00f3l\u00f3 2008. \u00e9vi XLVIII. t\u00f6rv\u00e9ny 6. \u00a7 (5) bekezd\u00e9se.<\/p><p>A kezelt adatok k\u00f6re: vezet\u00e9k- \u00e9s keresztn\u00e9v, e-mail c\u00edmek, telefonsz\u00e1mok, faxsz\u00e1m, c\u00e9gn\u00e9v, h\u00edrlev\u00e9l feliratkoz\u00e1si hozz\u00e1j\u00e1rul\u00e1s, a regisztr\u00e1ci\u00f3 d\u00e1tuma \u00e9s id\u0151pontja, a beavatkoz\u00e1s d\u00e1tuma \u00e9s id\u0151pontja, a beavatkoz\u00e1s adatai.<\/p><p>Az adatok t\u00f6rl\u00e9s\u00e9nek hat\u00e1rideje: az beavatkoz\u00e1st\u00f3l sz\u00e1m\u00edtott t\u00edz \u00e9v, m\u00edg a h\u00edrlev\u00e9l k\u00fcld\u00e9s\u00e9hez adott hozz\u00e1j\u00e1rul\u00e1sok eset\u00e9ben a hozz\u00e1j\u00e1rul\u00e1s visszavon\u00e1s\u00e1ig. A sz\u00e1mviteli bizonylatokat a sz\u00e1mvitelr\u0151l sz\u00f3l\u00f3 2000. \u00e9vi C. t\u00f6rv\u00e9ny 169. \u00a7 (2) bekezd\u00e9se alapj\u00e1n 5 \u00e9vig \u0151rizz\u00fck meg.<\/p><p>The\u00a0<strong>h\u00edrlev\u00e9l adatkezel\u00e9s c\u00e9lja<\/strong>: gazdas\u00e1gi rekl\u00e1mot is tartalmaz\u00f3 e-mail h\u00edrlevelek k\u00fcld\u00e9se az \u00e9rdekl\u0151d\u0151k r\u00e9sz\u00e9re, t\u00e1j\u00e9koztat\u00e1s az aktu\u00e1lis inform\u00e1ci\u00f3kr\u00f3l, term\u00e9kekr\u0151l.<\/p><p>Az adatkezel\u00e9s jogalapja: az \u00e9rintett \u00f6nk\u00e9ntes hozz\u00e1j\u00e1rul\u00e1sa \u00e9s a gazdas\u00e1gi rekl\u00e1mtev\u00e9kenys\u00e9g alapvet\u0151 felt\u00e9teleir\u0151l \u00e9s egyes korl\u00e1tair\u00f3l sz\u00f3l\u00f3 2008. \u00e9vi XLVIII. t\u00f6rv\u00e9ny 6. \u00a7 (5) bekezd\u00e9se.<\/p><p>A kezelt adatok k\u00f6re: n\u00e9v, e-mail c\u00edm, d\u00e1tum, id\u0151pont.<\/p><p>Az adatok t\u00f6rl\u00e9s\u00e9nek hat\u00e1rideje: a hozz\u00e1j\u00e1rul\u00f3 nyilatkozat visszavon\u00e1s\u00e1ig.<\/p><p>A h\u00edrlevelek tov\u00e1bb\u00edt\u00e1s\u00e1nak megtilt\u00e1s\u00e1t \u00e9s a szem\u00e9lyes adatok t\u00f6rl\u00e9s\u00e9t vagy m\u00f3dos\u00edt\u00e1s\u00e1t a kik\u00fcld\u00f6tt h\u00edrlev\u00e9lben tal\u00e1lhat\u00f3 linkre kattintva, valamint postai \u00faton a jelen t\u00e1j\u00e9koztat\u00f3 9. pontj\u00e1ban k\u00f6zz\u00e9tett c\u00edmen lehet k\u00e9rni.<\/p><p>A Professional Healthy and Beauty Systems Kft. a megadott adatokat tov\u00e1bbi harmadik f\u00e9lnek nem adja \u00e1t.<\/p><p><strong>4.3. Klienset azonos\u00edt\u00f3 szem\u00e9lyes adatok<\/strong><\/p><p>A Kliens a kapcsolatfelv\u00e9telt k\u00f6vet\u0151en, vizsg\u00e1latokon vesz r\u00e9szt, amely vizsg\u00e1latok r\u00e9sz\u00e9t k\u00e9pezi az \u00f6nk\u00e9ntes adatszolg\u00e1ltat\u00e1s, amely szerinti adatokat illetve nyomtatv\u00e1nyt az\u00a0<strong>1. sz\u00e1m\u00fa mell\u00e9klet<\/strong>\u00a0tartalmazza. Ezen mell\u00e9klet szerinti adatok megad\u00e1sa \u00f6nk\u00e9ntes alapon t\u00f6rt\u00e9nik, \u00e9s tartalmazz\u00e1k az inform\u00e1ci\u00f3s \u00f6nrendelkez\u00e9si jogr\u00f3l \u00e9s az inform\u00e1ci\u00f3szabads\u00e1gr\u00f3l sz\u00f3l\u00f3 2011. \u00e9vi CXII. t\u00f6rv\u00e9ny alapj\u00e1n az eg\u00e9szs\u00e9g\u00fcgyi adatokat is. A nyomtatv\u00e1ny tartalmazza az eg\u00e9szs\u00e9g\u00fcgyi adatoknak nem min\u0151s\u00fcl\u0151 adatokra vonatkoz\u00f3 hozz\u00e1j\u00e1rul\u00e1st is, ami az Info tv. szerinti \u00e9rintett hozz\u00e1j\u00e1rul\u00e1s\u00e1nak min\u0151s\u00fcl.<\/p><p><strong>4.4. A szolg\u00e1ltat\u00e1s ny\u00fajt\u00e1sa c\u00e9lj\u00e1b\u00f3l kezelt szem\u00e9lyes adatok<\/strong><\/p><p>Att\u00f3l f\u00fcgg\u0151en, hogy a Kliens melyik szolg\u00e1ltat\u00e1st veszi ig\u00e9nybe, a szolg\u00e1ltat\u00e1s ny\u00fajt\u00e1sa c\u00e9lj\u00e1b\u00f3l a\u00a0<strong>3. sz\u00e1m\u00fa mell\u00e9kletben<\/strong>\u00a0csatolt t\u00e1bl\u00e1zat szerinti adatokat, mint technikailag elengedhetetlen\u00fcl sz\u00fcks\u00e9ges adatokat kezeli, a sz\u00fcks\u00e9ges m\u00e9rt\u00e9kben \u00e9s ideig, de legfeljebb az utols\u00f3 konzult\u00e1ci\u00f3ig, illet\u0151en az \u00e9rintett adat megsemmis\u00edt\u00e9s\u00e9re ir\u00e1nyul\u00f3 nyilatkozat\u00e1ig.<\/p><p>A kezelt adatokra vonatkoz\u00f3 korl\u00e1toz\u00e1sok a Szolg\u00e1ltat\u00f3 az ig\u00e9nybev\u00e9tel\u00e9t megel\u0151z\u0151en \u00e9s a szolg\u00e1ltat\u00e1s ig\u00e9nybev\u00e9tele sor\u00e1n is folyamatosan biztos\u00edtja. Szolg\u00e1ltat\u00f3 biztos\u00edtja, hogy az \u00e1ltala kezelt adatok nem kapcsolhat\u00f3k \u00f6ssze a Kliens azonos\u00edt\u00f3 adataival \u00e9s a Kliens hozz\u00e1j\u00e1rul\u00e1sa n\u00e9lk\u00fcl nem adhat\u00f3k \u00e1t harmadik szem\u00e9ly sz\u00e1m\u00e1ra.<\/p><p>A Szolg\u00e1ltat\u00f3 biztos\u00edtja, hogy az Adatkezel\u00e9s C\u00e9lj\u00e1nak megval\u00f3sul\u00e1sa, vagy ellehetetlen\u00fcl\u00e9se eset\u00e9n, illetve \u00fagyszint\u00e9n ha ezt a Kliens k\u00e9ri, a kezelt adatok t\u00f6rl\u00e9sre ker\u00fclnek. A t\u00f6rv\u00e9ny vagy m\u00e1s jogszab\u00e1ly elt\u00e9r\u0151 rendelkez\u00e9se hi\u00e1ny\u00e1ban az adatt\u00f6rl\u00e9st halad\u00e9ktalanul el kell v\u00e9gezni. Az adatv\u00e9delmi jogszab\u00e1lyokban meghat\u00e1rozott t\u00e1j\u00e9koztat\u00e1sokon k\u00edv\u00fcl a Szolg\u00e1ltat\u00f3nak biztos\u00edtaniuk kell, hogy a Kliens a hozz\u00e1j\u00e1rul\u00e1s megad\u00e1sa el\u0151tt \u00e9s azt k\u00f6vet\u0151en b\u00e1rmikor megismerhesse, hogy a Szolg\u00e1ltat\u00f3 mely adatkezel\u00e9si c\u00e9lokb\u00f3l mely adatfajt\u00e1kat kezel, ide\u00e9rtve a Klienssel k\u00f6zvetlen\u00fcl kapcsolatba nem hozhat\u00f3 adatok kezel\u00e9s\u00e9t is.<\/p><p><strong>Az adatkezel\u00e9s m\u00f3dja<\/strong><\/p><p>Kliens a Hozz\u00e1j\u00e1rul\u00f3 Nyilatkozat formanyomtatv\u00e1nyon nyilatkozik adatainak kezel\u00e9s\u00e9r\u0151l, ezzel egy\u00e9rtelm\u0171 t\u00e1j\u00e9koztat\u00e1sa az al\u00e1bbi k\u00e9rd\u00e9sekre is kiterjed:<\/p><ol><li>a Szolg\u00e1ltat\u00f3 mely szem\u00e9lyes adatait kezeli, kezelheti;<\/li><li>arr\u00f3l, hogy a kezelt adatok mely esetekben, mely harmadik szem\u00e9lyek r\u00e9sz\u00e9re adhat\u00f3k \u00e1t;<\/li><li>milyen jogorvoslati lehet\u0151s\u00e9ge van a Kliensnek;<\/li><li>az adat\u00e1llom\u00e1ny kezel\u0151j\u00e9r\u0151l, \u00e9s adatfeldolgoz\u00f3j\u00e1r\u00f3l, az adatkezel\u00e9s \u00e9s feldolgoz\u00e1s hely\u00e9r\u0151l.<\/li><\/ol><p>\u00a0<\/p><ol start=\"5\"><li><strong>Az adatok Szolg\u00e1ltat\u00f3 \u00e1ltali t\u00e1rol\u00e1s\u00e1nak id\u0151tartama<\/strong><\/li><\/ol><p>Szolg\u00e1ltat\u00f3 az Adatkezel\u00e9si C\u00e9l megsz\u0171n\u00e9s\u00e9ig, vagy ellehetetlen\u00fcl\u00e9s\u00e9ig, illetve addig, am\u00edg a Kliens nem k\u00e9ri azok t\u00f6rl\u00e9s\u00e9t kezeli a Kliens \u00e1ltal a Hozz\u00e1j\u00e1rul\u00f3 Nyilatkozat \u00fatj\u00e1n megadott adatokat. Adatkezel\u00e9s id\u0151tartam\u00e1nak lej\u00e1rt\u00e1val a Kliens szem\u00e9lyes adatait a Szolg\u00e1ltat\u00f3 az \u00e9rintettel t\u00f6rt\u00e9n\u0151 beazonos\u00edt\u00e1st a tov\u00e1bbiakban lehetetlenn\u00e9 tev\u0151 m\u00f3don t\u00f6r\u00f6lni k\u00f6teles.<\/p><ol start=\"6\"><li><strong>Az adatok tov\u00e1bb\u00edt\u00e1s\u00e1nak esetei<\/strong><\/li><\/ol><p>Szolg\u00e1ltat\u00f3 \u00e1ltal kezelt szem\u00e9lyes adatok akkor tov\u00e1bb\u00edthat\u00f3k, valamint a k\u00fcl\u00f6nb\u00f6z\u0151 adatkezel\u00e9sek akkor kapcsolhat\u00f3k \u00f6ssze, ha az \u00e9rintett ahhoz hozz\u00e1j\u00e1rult, vagy t\u00f6rv\u00e9ny azt megengedi, \u00e9s ha az adatkezel\u00e9s felt\u00e9telei minden egyes szem\u00e9lyes adatra n\u00e9zve teljes\u00fclnek. A Szolg\u00e1ltat\u00f3 tudom\u00e1nyos, k\u00f6zv\u00e9lem\u00e9ny- vagy piackutat\u00e1s, c\u00e9lj\u00e1b\u00f3l, illetve a Kliens beleegyez\u00e9s\u00e9vel \u00e9s kiz\u00e1r\u00f3lag a sz\u00fcks\u00e9ges m\u00e9rt\u00e9kben \u00e9s ideig adhatja tov\u00e1bb a Kliens \u00e1ltala kezelt adatait. A Kliens e hozz\u00e1j\u00e1rul\u00e1s\u00e1t b\u00e1rmikor, felt\u00e9tel n\u00e9lk\u00fcl m\u00f3dos\u00edthatja, vagy visszavonhatja. Kliens a Hozz\u00e1j\u00e1rul\u00f3 Nyilatkozat al\u00e1\u00edr\u00e1s\u00e1val hozz\u00e1j\u00e1rul ahhoz, hogy a Szolg\u00e1ltat\u00f3 \u00e1ltal kezelt szem\u00e9lyes adat\u00e1t Szolg\u00e1ltat\u00f3 rekl\u00e1m \u00e9s\/vagy prom\u00f3ci\u00f3 c\u00e9lj\u00e1ra, valamint piackutat\u00e1si, statisztikai adatgy\u0171jt\u00e9si c\u00e9lokra tov\u00e1bb\u00edtsa feldolgoz\u00e1s c\u00e9lj\u00e1ra.<\/p><p>A jogszab\u00e1lyi k\u00f6telezetts\u00e9g\u00e9n\u00e9l fogva a Szolg\u00e1ltat\u00f3 \u00e1tadhatja az adatokat a nemzetbiztons\u00e1g, a honv\u00e9delem \u00e9s a k\u00f6zbiztons\u00e1g v\u00e9delme, a k\u00f6zv\u00e1das b\u0171ncselekm\u00e9nyek, valamint az adatok jogosulatlan, vagy jogs\u00e9rt\u0151 felhaszn\u00e1l\u00e1s\u00e1nak \u00fcld\u00f6z\u00e9se c\u00e9lj\u00e1b\u00f3l az arra hat\u00e1sk\u00f6rrel rendelkez\u0151 nemzetbiztons\u00e1gi szerveknek, nyomoz\u00f3 hat\u00f3s\u00e1goknak, a b\u00edr\u00f3s\u00e1gnak, valamint a b\u00edr\u00f3s\u00e1gi v\u00e9grehajt\u00e1sr\u00f3l sz\u00f3l\u00f3 t\u00f6rv\u00e9ny el\u0151\u00edr\u00e1sai szerint a v\u00e9grehajt\u00f3nak.<\/p><ol start=\"7\"><li><strong>A Szolg\u00e1ltat\u00f3 k\u00f6telezetts\u00e9gei<\/strong><\/li><\/ol><p>A Szolg\u00e1ltat\u00f3 \u00e9s alkalmazottai, alv\u00e1llalkoz\u00f3i, megb\u00edzottjai a Szolg\u00e1ltat\u00f3val azonos adatv\u00e9delmi \u00e9s titoktart\u00e1si k\u00f6telezetts\u00e9g teljes\u00edt\u00e9s\u00e9re k\u00f6telesek. A Szolg\u00e1ltat\u00f3 mindent megtesz az \u00e1ltala kezelt szem\u00e9lyes adatoknak a jogosulatlan hozz\u00e1f\u00e9r\u00e9s, megv\u00e1ltoztat\u00e1s, nyilv\u00e1noss\u00e1gra hoz\u00e1s, t\u00f6rl\u00e9s, s\u00e9r\u00fcl\u00e9s, megsemmis\u00fcl\u00e9s elleni v\u00e9delm\u00e9\u00e9rt, illetve egy\u00e9b adatainak t\u00f6rl\u00e9s, illet\u0151leg s\u00e9r\u00fcl\u00e9s, megsemmis\u00fcl\u00e9s elleni v\u00e9delm\u00e9\u00e9rt.<\/p><ol start=\"8\"><li><strong>Kliens k\u00f6telezetts\u00e9gei<\/strong><\/li><\/ol><p>A Kliens jogosult t\u00e1j\u00e9koztat\u00e1sra vonatkoz\u00f3 k\u00e9relmet beadni a kezelt adatokra vonatkoz\u00f3an \u2013 amelyik Szolg\u00e1ltat\u00f3 kezelte azokat \u2013 a Szolg\u00e1ltat\u00f3hoz, amelyre a bead\u00e1st\u00f3l sz\u00e1m\u00edtott 30 napon bel\u00fcl \u00edr\u00e1sban ad v\u00e1laszt.<\/p><p>A Kliens sz\u00e1m\u00e1ra saj\u00e1t szem\u00e9lyes adatai vonatkoz\u00e1s\u00e1ban a betekint\u00e9s lehet\u0151s\u00e9g\u00e9t a Szolg\u00e1ltat\u00f3 telephely\u00e9n el\u0151zetes bejelent\u00e9st k\u00f6vet\u0151en biztos\u00edtja. Kliens b\u00e1rmikor \u00e9s felt\u00e9tel n\u00e9lk\u00fcl jogosult megv\u00e1ltoztatni Hozz\u00e1j\u00e1rul\u00f3 Nyilatkozat\u00e1t, k\u00e9rheti adatainak helyesb\u00edt\u00e9s\u00e9t, kiv\u00e9ve a Szolg\u00e1ltat\u00f3 \u00e1ltal k\u00f6telez\u0151en el\u0151\u00edrt \u00e9s a szolg\u00e1ltat\u00e1s ny\u00fajt\u00e1s\u00e1hoz vagy a sz\u00e1ml\u00e1z\u00e1shoz elengedhetetlen\u00fcl sz\u00fcks\u00e9ges adatok visszavon\u00e1s\u00e1t. Kliens tov\u00e1bb\u00e1 k\u00e9rheti adatainak t\u00f6rl\u00e9s\u00e9t, illetve z\u00e1rol\u00e1s\u00e1t is. Kliens tiltakozhat szem\u00e9lyes adat\u00e1nak kezel\u00e9se ellen, ha a szem\u00e9lyes adatok kezel\u00e9se (tov\u00e1bb\u00edt\u00e1sa) kiz\u00e1r\u00f3lag az adatkezel\u0151 vagy az adat\u00e1tvev\u0151 jog\u00e1nak vagy jogos \u00e9rdek\u00e9nek \u00e9rv\u00e9nyes\u00edt\u00e9s\u00e9hez sz\u00fcks\u00e9ges, kiv\u00e9ve, ha az adatkezel\u00e9st t\u00f6rv\u00e9ny rendelte el, vagy ha a szem\u00e9lyes adat felhaszn\u00e1l\u00e1sa vagy tov\u00e1bb\u00edt\u00e1sa k\u00f6zvetlen \u00fczletszerz\u00e9s, k\u00f6zv\u00e9lem\u00e9ny-kutat\u00e1s vagy tudom\u00e1nyos kutat\u00e1s c\u00e9lj\u00e1ra t\u00f6rt\u00e9nik \u00e9s ehhez Hozz\u00e1j\u00e1rul\u00f3 Nyilatkozatot nem adott, illetve ha a tiltakoz\u00e1s jog\u00e1nak gyakorl\u00e1s\u00e1t egy\u00e9bk\u00e9nt t\u00f6rv\u00e9ny lehet\u0151v\u00e9 teszi.<\/p><p>A Szolg\u00e1ltat\u00f3 \u2013 az adatkezel\u00e9s egyidej\u0171 felf\u00fcggeszt\u00e9s\u00e9vel \u2013 a tiltakoz\u00e1st k\u00f6teles a k\u00e9relem beny\u00fajt\u00e1s\u00e1t\u00f3l sz\u00e1m\u00edtott legr\u00f6videbb id\u0151n bel\u00fcl, de legfeljebb 15 nap alatt megvizsg\u00e1lni, \u00e9s annak eredm\u00e9ny\u00e9r\u0151l a k\u00e9relmez\u0151 Klienst \u00edr\u00e1sban t\u00e1j\u00e9koztatni. Amennyiben a tiltakoz\u00e1s indokolt, az adatkezel\u0151 k\u00f6teles az adatkezel\u00e9st \u2013 bele\u00e9rtve a tov\u00e1bbi adatfelv\u00e9telt \u00e9s adattov\u00e1bb\u00edt\u00e1st is \u2013 megsz\u00fcntetni \u00e9s az adatokat z\u00e1rolni, valamint a tiltakoz\u00e1sr\u00f3l, illet\u0151leg az annak alapj\u00e1n tett int\u00e9zked\u00e9sekr\u0151l \u00e9rtes\u00edteni mindazokat, akik r\u00e9sz\u00e9re a tiltakoz\u00e1ssal \u00e9rintett szem\u00e9lyes adatot kor\u00e1bban tov\u00e1bb\u00edtotta, \u00e9s akik k\u00f6telesek int\u00e9zkedni a tiltakoz\u00e1si jog \u00e9rv\u00e9nyes\u00edt\u00e9se \u00e9rdek\u00e9ben.<\/p><p>Amennyiben az \u00e9rintett a Szolg\u00e1ltat\u00f3nak a fenti d\u00f6nt\u00e9s\u00e9vel nem \u00e9rt egyet, az ellen \u2013 annak k\u00f6zl\u00e9s\u00e9t\u0151l sz\u00e1m\u00edtott 30 napon bel\u00fcl b\u00edr\u00f3s\u00e1ghoz fordulhat.<\/p><p>Az eg\u00e9szs\u00e9g\u00fcgyi, Info tv. alapj\u00e1n k\u00fcl\u00f6nleges adatok kezel\u00e9se, nyilv\u00e1ntart\u00e1sa Kliens \u00f6nk\u00e9ntes hozz\u00e1j\u00e1rul\u00e1sa alapj\u00e1n a Kliensr\u0151l a beavatkoz\u00e1s \u00e9rdek\u00e9ben sz\u00fcks\u00e9ges eg\u00e9szs\u00e9g\u00fcgyi \u00e9s szem\u00e9lyazonos\u00edt\u00f3 adatot, valamint azok tov\u00e1bb\u00edt\u00e1s\u00e1t nyilv\u00e1n kell tartani. Az adattov\u00e1bb\u00edt\u00e1sr\u00f3l sz\u00f3l\u00f3 feljegyz\u00e9snek tartalmaznia kell az adattov\u00e1bb\u00edt\u00e1s c\u00edmzettj\u00e9t, m\u00f3dj\u00e1t, id\u0151pontj\u00e1t, valamint a tov\u00e1bb\u00edtott adatok k\u00f6r\u00e9t. A nyilv\u00e1ntart\u00e1s eszk\u00f6ze lehet minden olyan adatt\u00e1rol\u00f3 eszk\u00f6z vagy m\u00f3dszer, amely biztos\u00edtja az adatok eg\u00e9szs\u00e9g\u00fcgyi inf\u00f3 tv. 6.\u00a7-a szerinti v\u00e9delm\u00e9t. A kezel\u00e9st v\u00e9gz\u0151 orvos\/szakember az \u00e1ltala \u00e1ltal felvett eg\u00e9szs\u00e9g\u00fcgyi adatokr\u00f3l, valamint az azzal \u00f6sszef\u00fcgg\u0151 saj\u00e1t tev\u00e9kenys\u00e9g\u00e9r\u0151l \u00e9s int\u00e9zked\u00e9seir\u0151l feljegyz\u00e9st k\u00e9sz\u00edt. A feljegyz\u00e9s a nyilv\u00e1ntart\u00e1s r\u00e9sz\u00e9t k\u00e9pezi.<\/p><ol start=\"9\"><li><strong>Adatkezel\u0151, adatfeldolgoz\u00f3 el\u00e9rhet\u0151s\u00e9gei<\/strong><\/li><\/ol><p>\u00a0<\/p><p><strong>9.1. Az adatkezel\u0151 adatai, el\u00e9rhet\u0151s\u00e9ge:<\/strong><\/p><p>A szolg\u00e1ltat\u00f3 neve: Professional Healthy &amp; Beauty Systems Korl\u00e1tolt Felel\u0151ss\u00e9g\u0171 T\u00e1rsas\u00e1g<\/p><p>A szolg\u00e1ltat\u00f3 sz\u00e9khelye (\u00e9s egyben a panasz\u00fcgyint\u00e9z\u00e9s helye): 1012 Budapest, Lovas \u00fat 10.<\/p><p>A szolg\u00e1ltat\u00f3 el\u00e9rhet\u0151s\u00e9ge, az ig\u00e9nybe vev\u0151kkel val\u00f3 kapcsolattart\u00e1sra szolg\u00e1l\u00f3, rendszeresen haszn\u00e1lt elektronikus levelez\u00e9si c\u00edme: hajpartner@professionalhair.hu<\/p><p>C\u00e9gjegyz\u00e9ksz\u00e1ma: 01-09-732074<\/p><p>Ad\u00f3sz\u00e1ma: 13376093-2-41<\/p><p>Nyilv\u00e1ntart\u00e1st vezet\u0151 c\u00e9gb\u00edr\u00f3s\u00e1g: F\u0151v\u00e1rosi T\u00f6rv\u00e9nysz\u00e9k C\u00e9gb\u00edr\u00f3s\u00e1ga<\/p><p>Telefonsz\u00e1m: + 36 20\u00a0950 1650<\/p><p>\u00a0<\/p><p>Adatkezel\u00e9si nyilv\u00e1ntart\u00e1si sz\u00e1m: ig\u00e9nyl\u00e9s megt\u00f6rt\u00e9nt, megkap\u00e1sa folyamatban.<br \/><br \/><strong>9.2. Az adatfeldolgoz\u00f3 adatai, el\u00e9rhet\u0151s\u00e9ge:<\/strong><\/p><p>N\u00e9v: Professional Healthy &amp; Beauty Systems Korl\u00e1tolt Felel\u0151ss\u00e9g\u0171 T\u00e1rsas\u00e1g<\/p><p>C\u00edm: 1012 Budapest, Lovas \u00fat 10.<\/p><p>\u00a0<\/p><p>Amennyiben a Kliens (vagy \u00e9rintett) \u00fagy \u00edt\u00e9li meg, hogy szem\u00e9lyes adatainak kezel\u00e9s\u00e9vel kapcsolatos jogs\u00e9relem \u00e9rte, fordulhat az illet\u00e9kes b\u00edr\u00f3s\u00e1ghoz vagy vizsg\u00e1latot kezdem\u00e9nyezhet a Nemzeti Adatv\u00e9delmi \u00e9s Inform\u00e1ci\u00f3szabads\u00e1g Hat\u00f3s\u00e1gn\u00e1l, melynek el\u00e9rhet\u0151s\u00e9ge:<\/p><p>C\u00edm: 1024 Budapest, Szil\u00e1gyi Erzs\u00e9bet fasor 22\/C.<\/p><p>Honlap: www.naih.hu<\/p><p>Telefon: +36-1-3911400<\/p><p>Budapest, 2017. augusztus 18.<\/p><p>\u00a0<\/p><ol><li>sz\u00e1m\u00fa mell\u00e9klet \u2013 Szem\u00e9lyes adatok bek\u00e9r\u00e9se<\/li><li>sz\u00e1m\u00fa mell\u00e9klet: Hozz\u00e1j\u00e1rul\u00f3 nyilatkozat<\/li><li>sz\u00e1m\u00fa mell\u00e9klet: A kezelt eg\u00e9szs\u00e9g\u00fcgyi adatok<\/li><li>sz\u00e1m\u00fa mell\u00e9klet: Adatkezel\u00e9si t\u00e1j\u00e9koztat\u00e1sok<\/li><\/ol><p>\u00a0<\/p><ol><li><strong>mell\u00e9klet<\/strong><\/li><\/ol><p>Szem\u00e9lyes adatok bek\u00e9r\u00e9se:<\/p><p>\u00a0<\/p><ul><li>Teljes n\u00e9v:<\/li><li>Sz\u00fclet\u00e9si hely \u00e9s id\u0151:<\/li><li>Telefonsz\u00e1m :<\/li><li>E-mail c\u00edm :<\/li><\/ul><p>\u00a0<\/p><ol start=\"2\"><li><strong>mell\u00e9klet<\/strong><\/li><\/ol><p>\u00a0<\/p><p><strong>ADATKEZEL\u00c9SI HOZZ\u00c1J\u00c1RUL\u00d3 NYILATKOZAT<\/strong><\/p><p>\u00a0<\/p><p>N\u00e9v:<\/p><p>Lakc\u00edm:<\/p><p>Sz\u00fclet\u00e9si hely \u00e9s id\u0151:<\/p><p>\u00a0<\/p><p>megfelel\u0151 t\u00e1j\u00e9koztat\u00e1s birtok\u00e1ban \u00e9s az Adatv\u00e9delmi Szab\u00e1lyzat\u00e1nak ismeret\u00e9ben az al\u00e1bbi adatv\u00e9delmi beleegyez\u0151 nyilatkozatot teszem.<\/p><p>Jelen nyilatkozatom alapj\u00e1n hozz\u00e1j\u00e1rulok ahhoz, hogy az Adatv\u00e9delmi Szab\u00e1lyzat\u00e1ban (a tov\u00e1bbiakban: \u201eSzab\u00e1lyzat\u201d) meghat\u00e1rozott felt\u00e9telek alapj\u00e1n, az abban foglalt Adatkezel\u0151k \u00e9s Adatfeldolgoz\u00f3k a szolg\u00e1ltat\u00e1sok ny\u00fajt\u00e1s\u00e1hoz sz\u00fcks\u00e9ges szem\u00e9lyes, szem\u00e9lyazonos\u00edt\u00f3 \u00e9s eg\u00e9szs\u00e9g\u00fcgyi Adataimat a beavatkoz\u00e1s r\u00e9v\u00e9n ny\u00fajtott szolg\u00e1ltat\u00e1sokkal kapcsolatos feladataik ell\u00e1t\u00e1s\u00e1hoz sz\u00fcks\u00e9ges m\u00e9rt\u00e9kben kezelj\u00e9k.<\/p><p>Tudom\u00e1sul veszem tov\u00e1bb\u00e1, hogy a jelen nyilatkozatomban foglalt hozz\u00e1j\u00e1rul\u00e1som alapj\u00e1n t\u00f6rt\u00e9n\u0151 adatkezel\u00e9sre a Szab\u00e1lyzat, illetve a mindenkor hat\u00e1lyos adatv\u00e9delmi jogszab\u00e1lyok, \u00edgy k\u00fcl\u00f6n\u00f6sen, de nem kiz\u00e1r\u00f3lagosan az inform\u00e1ci\u00f3s \u00f6nrendelkez\u00e9si jogr\u00f3l \u00e9s az inform\u00e1ci\u00f3szabads\u00e1gr\u00f3l sz\u00f3l\u00f3 2011. \u00e9vi CXII. t\u00f6rv\u00e9ny, az eg\u00e9szs\u00e9g\u00fcgyi \u00e9s a hozz\u00e1juk kapcsol\u00f3d\u00f3 szem\u00e9lyes adatok kezel\u00e9s\u00e9r\u0151l \u00e9s v\u00e9delm\u00e9r\u0151l sz\u00f3l\u00f3 1997. \u00e9vi XLVII. t\u00f6rv\u00e9ny rendelkez\u00e9sei vonatkoznak.<\/p><p>Jelen nyilatkozat al\u00e1\u00edr\u00e1s\u00e1val kijelentem, hogy az adatkezel\u00e9ssel kapcsolatos t\u00e9nyeket, \u00edgy k\u00fcl\u00f6n\u00f6sen a kezelt adatok k\u00f6r\u00e9re, az adatkezel\u00e9s c\u00e9lj\u00e1ra \u00e9s id\u0151tartam\u00e1ra, az adatkezel\u00e9ssel kapcsolatos jogaimra \u00e9s k\u00f6telezetts\u00e9geimre, a rendelkez\u00e9semre \u00e1ll\u00f3 jogorvoslati lehet\u0151s\u00e9gekre vonatkoz\u00f3 t\u00e1j\u00e9koztat\u00e1st a Szolg\u00e1ltat\u00f3t\u00f3l megkaptam, \u00edgy azokat megismertem \u00e9s meg\u00e9rtettem.<\/p><p>\u00a0<\/p><p>Budapest, _____________ \u00e9v ___________ h\u00f3 ___nap<\/p><p>\u00a0<\/p><p>______________________________________<\/p><p>(Kliens al\u00e1\u00edr\u00e1sa)<\/p><p>\u00a0<\/p><p>\u00a0<\/p><ol start=\"3\"><li><strong>mell\u00e9klet A kezelt eg\u00e9szs\u00e9g\u00fcgyi adatok<\/strong><\/li><\/ol><p>\u00a0<\/p><p>Kliens neve:<\/p><p>Kliens el\u00e9rhet\u0151s\u00e9ge:<\/p><p>Anamn\u00e9zis:<\/p><p>Alkalmazott vizsg\u00e1latok, diagn\u00f3zis:<\/p><p>Javasolt ut\u00f3kezel\u00e9s:<\/p><p>Kezel\u00e9s id\u0151pontja:<\/p><p>\u00a0<\/p><ol start=\"4\"><li><strong>mell\u00e9klet A kezelt eg\u00e9szs\u00e9g\u00fcgyi adatok<\/strong><\/li><\/ol><p>\u00a0<\/p><p><strong>A D A T K E Z E L \u00c9 S I\u00a0\u00a0 T \u00c1 J \u00c9 K O Z T A T \u00d3<\/strong><\/p><p><strong><em>marketing c\u00e9l\u00fa adatkezel\u00e9shez<\/em><\/strong><\/p><p><strong><em>\u00a0<\/em><\/strong><\/p><p>Az adatkezel\u00e9s c\u00e9lja: a Kliensek azonos\u00edt\u00e1sa \u00e9s egym\u00e1st\u00f3l val\u00f3 megk\u00fcl\u00f6nb\u00f6ztet\u00e9se, kapcsolatfelv\u00e9tel, a Kliensek szem\u00e9lyre szabottabb kiszolg\u00e1l\u00e1sa, egyes szolg\u00e1ltat\u00e1sok haszn\u00e1lat\u00e1hoz val\u00f3 jogosults\u00e1g, Kliensi statisztik\u00e1k k\u00e9sz\u00edt\u00e9se, sz\u00e1mviteli k\u00f6telezetts\u00e9g teljes\u00edt\u00e9se, h\u00edrlev\u00e9l k\u00fcld\u00e9se.<\/p><p>Az adatkezel\u00e9s jogalapja: az \u00e9rintett \u00f6nk\u00e9ntes hozz\u00e1j\u00e1rul\u00e1sa, valamint az inform\u00e1ci\u00f3s t\u00e1rsadalommal \u00f6sszef\u00fcgg\u0151 szolg\u00e1ltat\u00e1sok egyes k\u00e9rd\u00e9seir\u0151l sz\u00f3l\u00f3 2001. \u00e9vi CVIII. t\u00f6rv\u00e9ny 13\/A. \u00a7-a \u00e9s a gazdas\u00e1gi rekl\u00e1mtev\u00e9kenys\u00e9g alapvet\u0151 felt\u00e9teleir\u0151l \u00e9s egyes korl\u00e1tair\u00f3l sz\u00f3l\u00f3 2008. \u00e9vi XLVIII. t\u00f6rv\u00e9ny 6. \u00a7 (5) bekezd\u00e9se.<\/p><p>A kezelt adatok k\u00f6re: vezet\u00e9k- \u00e9s keresztn\u00e9v, e-mail c\u00edmek, telefonsz\u00e1mok, faxsz\u00e1m, c\u00e9gn\u00e9v, h\u00edrlev\u00e9l feliratkoz\u00e1si hozz\u00e1j\u00e1rul\u00e1s, a regisztr\u00e1ci\u00f3 d\u00e1tuma \u00e9s id\u0151pontja, a beavatkoz\u00e1s d\u00e1tuma \u00e9s id\u0151pontja, a beavatkoz\u00e1s adatai.<\/p><p>Az adatok t\u00f6rl\u00e9s\u00e9nek hat\u00e1rideje: az beavatkoz\u00e1st\u00f3l sz\u00e1m\u00edtott t\u00edz \u00e9v, m\u00edg a h\u00edrlev\u00e9l k\u00fcld\u00e9s\u00e9hez adott hozz\u00e1j\u00e1rul\u00e1sok eset\u00e9ben a hozz\u00e1j\u00e1rul\u00e1s visszavon\u00e1s\u00e1ig. A sz\u00e1mviteli bizonylatokat a sz\u00e1mvitelr\u0151l sz\u00f3l\u00f3 2000. \u00e9vi C. t\u00f6rv\u00e9ny 169. \u00a7 (2) bekezd\u00e9se alapj\u00e1n 5 \u00e9vig \u0151rizz\u00fck meg.<\/p><p><strong>\u00a0<\/strong><\/p><p><strong>H O Z Z \u00c1 J \u00c1 R U L \u00d3\u00a0\u00a0 N Y I L A T K O Z A T<\/strong><\/p><p><strong><em>marketing c\u00e9l\u00fa adatkezel\u00e9shez<\/em><\/strong><\/p><p>\u00a0<\/p><p>A Szolg\u00e1ltat\u00f3 kezel\u00e9s\u00e9n t\u00f6rt\u00e9n\u0151 r\u00e9szv\u00e9telemmel hozz\u00e1j\u00e1rulok, hogy a vezet\u00e9k- \u00e9s keresztnevemet, e-mail c\u00edmeimet, telefonsz\u00e1maimat, faxsz\u00e1maimat, c\u00e9gnevemet, h\u00edrlev\u00e9l feliratkoz\u00e1si hozz\u00e1j\u00e1rul\u00e1somat, a regisztr\u00e1ci\u00f3m d\u00e1tum\u00e1t \u00e9s id\u0151pontj\u00e1t, a rendel\u00e9s d\u00e1tum\u00e1t \u00e9s id\u0151pontj\u00e1t, a Professional Healthy &amp; Beauty Systems Korl\u00e1tolt Felel\u0151ss\u00e9g\u0171 T\u00e1rsas\u00e1g a Kliensek azonos\u00edt\u00e1sa \u00e9s egym\u00e1st\u00f3l val\u00f3 megk\u00fcl\u00f6nb\u00f6ztet\u00e9se, kapcsolatfelv\u00e9tel, a Kliensek szem\u00e9lyre szabottabb kiszolg\u00e1l\u00e1sa, egyes szolg\u00e1ltat\u00e1sok haszn\u00e1lat\u00e1hoz val\u00f3 jogosults\u00e1g, Kliensi statisztik\u00e1k k\u00e9sz\u00edt\u00e9se, sz\u00e1mviteli k\u00f6telezetts\u00e9g teljes\u00edt\u00e9se, h\u00edrlev\u00e9l k\u00fcld\u00e9se \u00e9rdek\u00e9ben r\u00f6gz\u00edtse, azt a beavatkoz\u00e1st\u00f3l sz\u00e1m\u00edtott 5 \u00e9vig, a h\u00edrlev\u00e9l k\u00fcld\u00e9s\u00e9hez adott hozz\u00e1j\u00e1rul\u00e1sok eset\u00e9ben a hozz\u00e1j\u00e1rul\u00e1s visszavon\u00e1s\u00e1ig adatk\u00e9nt kezelje.<\/p><p>\u00a0<\/p><p><strong>A D A T K E Z E L \u00c9 S I\u00a0\u00a0 T \u00c1 J \u00c9 K O Z T A T \u00d3\u00a0\u00a0 \u00c9S\u00a0\u00a0\u00a0 T \u00c1 J \u00c9 K O Z T A T \u00d3\u00a0\u00a0<\/strong><\/p><p><strong>H \u00cd R L E V \u00c9 L R E\u00a0\u00a0 V A L \u00d3\u00a0\u00a0 F E L I R A T K O Z \u00c1 S R \u00d3 L<\/strong><\/p><p><strong><em>h\u00edrlev\u00e9llel kapcsolatos adatkezel\u00e9s \u00e9s gazdas\u00e1gi rekl\u00e1mtev\u00e9kenys\u00e9g<\/em><\/strong><\/p><p>\u00a0<\/p><p>Az adatkezel\u00e9s c\u00e9lja: gazdas\u00e1gi rekl\u00e1mot is tartalmaz\u00f3 e-mail h\u00edrlevelek k\u00fcld\u00e9se az \u00e9rdekl\u0151d\u0151k r\u00e9sz\u00e9re, t\u00e1j\u00e9koztat\u00e1s az aktu\u00e1lis inform\u00e1ci\u00f3kr\u00f3l, term\u00e9kekr\u0151l.<\/p><p>Az adatkezel\u00e9s jogalapja: az \u00e9rintett \u00f6nk\u00e9ntes hozz\u00e1j\u00e1rul\u00e1sa \u00e9s a gazdas\u00e1gi rekl\u00e1mtev\u00e9kenys\u00e9g alapvet\u0151 felt\u00e9teleir\u0151l \u00e9s egyes korl\u00e1tair\u00f3l sz\u00f3l\u00f3 2008. \u00e9vi XLVIII. t\u00f6rv\u00e9ny 6. \u00a7 (5) bekezd\u00e9se.<\/p><p>A kezelt adatok k\u00f6re: azonos\u00edt\u00f3sz\u00e1m, n\u00e9v, e-mail c\u00edm, d\u00e1tum, id\u0151pont.<\/p><p>Az adatok t\u00f6rl\u00e9s\u00e9nek hat\u00e1rideje: a hozz\u00e1j\u00e1rul\u00f3 nyilatkozat visszavon\u00e1s\u00e1ig.<\/p><p>A h\u00edrlevelek tov\u00e1bb\u00edt\u00e1s\u00e1nak megtilt\u00e1s\u00e1t \u00e9s a szem\u00e9lyes adatok t\u00f6rl\u00e9s\u00e9t vagy m\u00f3dos\u00edt\u00e1s\u00e1t a kik\u00fcld\u00f6tt h\u00edrlev\u00e9lben tal\u00e1lhat\u00f3 linkre kattintva, valamint postai \u00faton a jelen t\u00e1j\u00e9koztat\u00f3 6. pontj\u00e1ban k\u00f6zz\u00e9tett c\u00edmen lehet k\u00e9rni.<\/p><p>\u00a0<\/p><p><strong>H O Z Z \u00c1 J \u00c1 R U L \u00d3\u00a0\u00a0 N Y I L A T K O Z A T<\/strong><\/p><p><strong><em>h\u00edrlev\u00e9llel kapcsolatos adatkezel\u00e9shez \u00e9s h\u00edrlev\u00e9l k\u00fcld\u00e9s\u00e9hez<\/em><\/strong><\/p><p>\u00a0<\/p><p>A Szolg\u00e1ltat\u00f3 kezel\u00e9s\u00e9n t\u00f6rt\u00e9n\u0151 r\u00e9szv\u00e9telemmel hozz\u00e1j\u00e1rulok ahhoz, hogy a Professional Healthy &amp; Beauty Systems Korl\u00e1tolt Felel\u0151ss\u00e9g\u0171 T\u00e1rsas\u00e1g gazdas\u00e1gi rekl\u00e1mot is tartalmaz\u00f3 e-mail h\u00edrleveleket k\u00fcldj\u00f6n r\u00e9szemre, amelyben t\u00e1j\u00e9koztat az aktu\u00e1lis inform\u00e1ci\u00f3kr\u00f3l, valamint term\u00e9kekr\u0151l, ennek c\u00e9lj\u00e1b\u00f3l pedig nevemet, e-mail c\u00edmemet, r\u00f6gz\u00edtse, azt\u00a0 a jelen hozz\u00e1j\u00e1rul\u00f3 nyilatkozat visszavon\u00e1s\u00e1ig, adatk\u00e9nt kezelje.<\/p>\t\t\t\t\t\t<\/div>\n\t\t\t\t<\/div>\n\t\t\t\t\t<\/div>\n\t\t<\/div>\n\t\t\t\t\t<\/div>\n\t\t<\/section>\n\t\t\t\t<\/div>","protected":false},"excerpt":{"rendered":"<p>Bevezet\u00e9s A\u00a0Professional Healthy &amp; Beauty Systems Korl\u00e1tolt Felel\u0151ss\u00e9g\u0171 T\u00e1rsas\u00e1g\u00a0(sz\u00e9khely: 1012 Budapest, Lovas utca 10.; c\u00e9gjegyz\u00e9k sz\u00e1m: 01-09-732074; ad\u00f3sz\u00e1m: 13376093-2-41; tov\u00e1bbiakban: \u201eSzolg\u00e1ltat\u00f3) a szem\u00e9lyes adatok v\u00e9delm\u00e9r\u0151l sz\u00f3l\u00f3 jogszab\u00e1lyi rendelkez\u00e9seknek val\u00f3 megfelel\u00e9s \u00e9rdek\u00e9ben, a jelen adatv\u00e9delmi szab\u00e1lyzatot (tov\u00e1bbiakban: \u201eSzab\u00e1lyzat\u201d) alkotja, amely a kliens (tov\u00e1bbiakban: \u201eKliens\u201d), \u00e1ltal ig\u00e9nybe vett szolg\u00e1ltat\u00e1s (tov\u00e1bbiakban: \u201eSzolg\u00e1ltat\u00e1s\u201d) ny\u00fajt\u00e1s\u00e1t teszi lehet\u0151v\u00e9. A Szab\u00e1lyzat c\u00e9lja [&hellip;]<\/p>","protected":false},"author":1,"featured_media":0,"parent":0,"menu_order":0,"comment_status":"closed","ping_status":"closed","template":"elementor_header_footer","meta":{"footnotes":""},"class_list":["post-6475","page","type-page","status-publish","hentry"],"yoast_head":"<!-- This site is optimized with the Yoast SEO plugin v23.9 - https:\/\/yoast.com\/wordpress\/plugins\/seo\/ -->\n<title>Adatv\u00e9delmi szab\u00e1lyzat - Professional Hair<\/title>\n<meta name=\"robots\" content=\"index, follow, max-snippet:-1, max-image-preview:large, max-video-preview:-1\" \/>\n<link rel=\"canonical\" href=\"https:\/\/professionalhair.hu\/en\/adatvedelmi-szabalyzat\/\" \/>\n<meta property=\"og:locale\" content=\"en_US\" \/>\n<meta property=\"og:type\" content=\"article\" \/>\n<meta property=\"og:title\" content=\"Adatv\u00e9delmi szab\u00e1lyzat - Professional Hair\" \/>\n<meta property=\"og:description\" content=\"Bevezet\u00e9s A\u00a0Professional Healthy &amp; Beauty Systems Korl\u00e1tolt Felel\u0151ss\u00e9g\u0171 T\u00e1rsas\u00e1g\u00a0(sz\u00e9khely: 1012 Budapest, Lovas utca 10.; c\u00e9gjegyz\u00e9k sz\u00e1m: 01-09-732074; ad\u00f3sz\u00e1m: 13376093-2-41; tov\u00e1bbiakban: \u201eSzolg\u00e1ltat\u00f3) a szem\u00e9lyes adatok v\u00e9delm\u00e9r\u0151l sz\u00f3l\u00f3 jogszab\u00e1lyi rendelkez\u00e9seknek val\u00f3 megfelel\u00e9s \u00e9rdek\u00e9ben, a jelen adatv\u00e9delmi szab\u00e1lyzatot (tov\u00e1bbiakban: \u201eSzab\u00e1lyzat\u201d) alkotja, amely a kliens (tov\u00e1bbiakban: \u201eKliens\u201d), \u00e1ltal ig\u00e9nybe vett szolg\u00e1ltat\u00e1s (tov\u00e1bbiakban: \u201eSzolg\u00e1ltat\u00e1s\u201d) ny\u00fajt\u00e1s\u00e1t teszi lehet\u0151v\u00e9. A Szab\u00e1lyzat c\u00e9lja [&hellip;]\" \/>\n<meta property=\"og:url\" content=\"https:\/\/professionalhair.hu\/en\/adatvedelmi-szabalyzat\/\" \/>\n<meta property=\"og:site_name\" content=\"Professional Hair\" \/>\n<meta property=\"article:publisher\" content=\"https:\/\/www.facebook.com\/professionalhairbudapest\" \/>\n<meta property=\"article:modified_time\" content=\"2022-06-14T15:46:25+00:00\" \/>\n<meta name=\"twitter:card\" content=\"summary_large_image\" \/>\n<meta name=\"twitter:label1\" content=\"Est. reading time\" \/>\n\t<meta name=\"twitter:data1\" content=\"24 minutes\" \/>\n<script type=\"application\/ld+json\" class=\"yoast-schema-graph\">{\"@context\":\"https:\/\/schema.org\",\"@graph\":[{\"@type\":\"WebPage\",\"@id\":\"https:\/\/professionalhair.hu\/adatvedelmi-szabalyzat\/\",\"url\":\"https:\/\/professionalhair.hu\/adatvedelmi-szabalyzat\/\",\"name\":\"Adatv\u00e9delmi szab\u00e1lyzat - Professional Hair\",\"isPartOf\":{\"@id\":\"https:\/\/professionalhair.hu\/#website\"},\"datePublished\":\"2018-10-15T11:08:42+00:00\",\"dateModified\":\"2022-06-14T15:46:25+00:00\",\"breadcrumb\":{\"@id\":\"https:\/\/professionalhair.hu\/adatvedelmi-szabalyzat\/#breadcrumb\"},\"inLanguage\":\"en-US\",\"potentialAction\":[{\"@type\":\"ReadAction\",\"target\":[\"https:\/\/professionalhair.hu\/adatvedelmi-szabalyzat\/\"]}]},{\"@type\":\"BreadcrumbList\",\"@id\":\"https:\/\/professionalhair.hu\/adatvedelmi-szabalyzat\/#breadcrumb\",\"itemListElement\":[{\"@type\":\"ListItem\",\"position\":1,\"name\":\"Kezd\u0151lap\",\"item\":\"https:\/\/professionalhair.hu\/\"},{\"@type\":\"ListItem\",\"position\":2,\"name\":\"Adatv\u00e9delmi szab\u00e1lyzat\"}]},{\"@type\":\"WebSite\",\"@id\":\"https:\/\/professionalhair.hu\/#website\",\"url\":\"https:\/\/professionalhair.hu\/\",\"name\":\"Professional Hair\",\"description\":\"Hajbe\u00fcltet\u00e9s Budapest\",\"publisher\":{\"@id\":\"https:\/\/professionalhair.hu\/#organization\"},\"potentialAction\":[{\"@type\":\"SearchAction\",\"target\":{\"@type\":\"EntryPoint\",\"urlTemplate\":\"https:\/\/professionalhair.hu\/?s={search_term_string}\"},\"query-input\":{\"@type\":\"PropertyValueSpecification\",\"valueRequired\":true,\"valueName\":\"search_term_string\"}}],\"inLanguage\":\"en-US\"},{\"@type\":\"Organization\",\"@id\":\"https:\/\/professionalhair.hu\/#organization\",\"name\":\"Professional Hair\",\"url\":\"https:\/\/professionalhair.hu\/\",\"logo\":{\"@type\":\"ImageObject\",\"inLanguage\":\"en-US\",\"@id\":\"https:\/\/professionalhair.hu\/#\/schema\/logo\/image\/\",\"url\":\"https:\/\/professionalhair.hu\/wp-content\/uploads\/2022\/05\/logo_footer.webp\",\"contentUrl\":\"https:\/\/professionalhair.hu\/wp-content\/uploads\/2022\/05\/logo_footer.webp\",\"width\":263,\"height\":60,\"caption\":\"Professional Hair\"},\"image\":{\"@id\":\"https:\/\/professionalhair.hu\/#\/schema\/logo\/image\/\"},\"sameAs\":[\"https:\/\/www.facebook.com\/professionalhairbudapest\",\"https:\/\/www.youtube.com\/channel\/UC3yW-vWCddUuRSs6cormhjA\",\"https:\/\/www.instagram.com\/professionalhairbudapest\/\"]}]}<\/script>\n<!-- \/ Yoast SEO plugin. -->","yoast_head_json":{"title":"Adatv\u00e9delmi szab\u00e1lyzat - Professional Hair","robots":{"index":"index","follow":"follow","max-snippet":"max-snippet:-1","max-image-preview":"max-image-preview:large","max-video-preview":"max-video-preview:-1"},"canonical":"https:\/\/professionalhair.hu\/en\/adatvedelmi-szabalyzat\/","og_locale":"en_US","og_type":"article","og_title":"Adatv\u00e9delmi szab\u00e1lyzat - Professional Hair","og_description":"Bevezet\u00e9s A\u00a0Professional Healthy &amp; Beauty Systems Korl\u00e1tolt Felel\u0151ss\u00e9g\u0171 T\u00e1rsas\u00e1g\u00a0(sz\u00e9khely: 1012 Budapest, Lovas utca 10.; c\u00e9gjegyz\u00e9k sz\u00e1m: 01-09-732074; ad\u00f3sz\u00e1m: 13376093-2-41; tov\u00e1bbiakban: \u201eSzolg\u00e1ltat\u00f3) a szem\u00e9lyes adatok v\u00e9delm\u00e9r\u0151l sz\u00f3l\u00f3 jogszab\u00e1lyi rendelkez\u00e9seknek val\u00f3 megfelel\u00e9s \u00e9rdek\u00e9ben, a jelen adatv\u00e9delmi szab\u00e1lyzatot (tov\u00e1bbiakban: \u201eSzab\u00e1lyzat\u201d) alkotja, amely a kliens (tov\u00e1bbiakban: \u201eKliens\u201d), \u00e1ltal ig\u00e9nybe vett szolg\u00e1ltat\u00e1s (tov\u00e1bbiakban: \u201eSzolg\u00e1ltat\u00e1s\u201d) ny\u00fajt\u00e1s\u00e1t teszi lehet\u0151v\u00e9. A Szab\u00e1lyzat c\u00e9lja [&hellip;]","og_url":"https:\/\/professionalhair.hu\/en\/adatvedelmi-szabalyzat\/","og_site_name":"Professional Hair","article_publisher":"https:\/\/www.facebook.com\/professionalhairbudapest","article_modified_time":"2022-06-14T15:46:25+00:00","twitter_card":"summary_large_image","twitter_misc":{"Est. reading time":"24 minutes"},"schema":{"@context":"https:\/\/schema.org","@graph":[{"@type":"WebPage","@id":"https:\/\/professionalhair.hu\/adatvedelmi-szabalyzat\/","url":"https:\/\/professionalhair.hu\/adatvedelmi-szabalyzat\/","name":"Adatv\u00e9delmi szab\u00e1lyzat - Professional Hair","isPartOf":{"@id":"https:\/\/professionalhair.hu\/#website"},"datePublished":"2018-10-15T11:08:42+00:00","dateModified":"2022-06-14T15:46:25+00:00","breadcrumb":{"@id":"https:\/\/professionalhair.hu\/adatvedelmi-szabalyzat\/#breadcrumb"},"inLanguage":"en-US","potentialAction":[{"@type":"ReadAction","target":["https:\/\/professionalhair.hu\/adatvedelmi-szabalyzat\/"]}]},{"@type":"BreadcrumbList","@id":"https:\/\/professionalhair.hu\/adatvedelmi-szabalyzat\/#breadcrumb","itemListElement":[{"@type":"ListItem","position":1,"name":"Kezd\u0151lap","item":"https:\/\/professionalhair.hu\/"},{"@type":"ListItem","position":2,"name":"Adatv\u00e9delmi szab\u00e1lyzat"}]},{"@type":"WebSite","@id":"https:\/\/professionalhair.hu\/#website","url":"https:\/\/professionalhair.hu\/","name":"Professional Hair","description":"Hajbe\u00fcltet\u00e9s Budapest","publisher":{"@id":"https:\/\/professionalhair.hu\/#organization"},"potentialAction":[{"@type":"SearchAction","target":{"@type":"EntryPoint","urlTemplate":"https:\/\/professionalhair.hu\/?s={search_term_string}"},"query-input":{"@type":"PropertyValueSpecification","valueRequired":true,"valueName":"search_term_string"}}],"inLanguage":"en-US"},{"@type":"Organization","@id":"https:\/\/professionalhair.hu\/#organization","name":"Professional Hair","url":"https:\/\/professionalhair.hu\/","logo":{"@type":"ImageObject","inLanguage":"en-US","@id":"https:\/\/professionalhair.hu\/#\/schema\/logo\/image\/","url":"https:\/\/professionalhair.hu\/wp-content\/uploads\/2022\/05\/logo_footer.webp","contentUrl":"https:\/\/professionalhair.hu\/wp-content\/uploads\/2022\/05\/logo_footer.webp","width":263,"height":60,"caption":"Professional Hair"},"image":{"@id":"https:\/\/professionalhair.hu\/#\/schema\/logo\/image\/"},"sameAs":["https:\/\/www.facebook.com\/professionalhairbudapest","https:\/\/www.youtube.com\/channel\/UC3yW-vWCddUuRSs6cormhjA","https:\/\/www.instagram.com\/professionalhairbudapest\/"]}]}},"_links":{"self":[{"href":"https:\/\/professionalhair.hu\/en\/wp-json\/wp\/v2\/pages\/6475","targetHints":{"allow":["GET"]}}],"collection":[{"href":"https:\/\/professionalhair.hu\/en\/wp-json\/wp\/v2\/pages"}],"about":[{"href":"https:\/\/professionalhair.hu\/en\/wp-json\/wp\/v2\/types\/page"}],"author":[{"embeddable":true,"href":"https:\/\/professionalhair.hu\/en\/wp-json\/wp\/v2\/users\/1"}],"replies":[{"embeddable":true,"href":"https:\/\/professionalhair.hu\/en\/wp-json\/wp\/v2\/comments?post=6475"}],"version-history":[{"count":0,"href":"https:\/\/professionalhair.hu\/en\/wp-json\/wp\/v2\/pages\/6475\/revisions"}],"wp:attachment":[{"href":"https:\/\/professionalhair.hu\/en\/wp-json\/wp\/v2\/media?parent=6475"}],"curies":[{"name":"wp","href":"https:\/\/api.w.org\/{rel}","templated":true}]}}